{"id":240,"date":"2015-04-13T02:23:47","date_gmt":"2015-04-13T02:23:47","guid":{"rendered":"https:\/\/rigidoscv.com.ar\/?page_id=240"},"modified":"2024-09-07T02:10:17","modified_gmt":"2024-09-07T02:10:17","slug":"concepto-de-rack","status":"publish","type":"page","link":"https:\/\/rigidoscv.com.ar\/?page_id=240","title":{"rendered":"Concepto de Rack"},"content":{"rendered":"<div id=\"body\">\n<div id=\"post-20\" class=\"post\">\n<p style=\"text-align: right;\"><em><strong>(por favor solicitar presupuesto via mail*)<\/strong><\/em><\/p>\n<ul>\n<li style=\"text-align: right;\"><strong><img loading=\"lazy\" decoding=\"async\" title=\"Contacto RCV\" src=\"http:\/\/www.rigidoscv.com.ar\/email.gif\" alt=\"\" width=\"18\" height=\"16\" \/>\u00a0Correo\u00a0<\/strong>electr\u00f3nico*:\u00a0<a href=\"mailto:rigidos@gmail.com\">rigidos@gmail.com<\/a><em><br \/>\n<\/em><\/li>\n<li style=\"text-align: right;\"><strong>Cel<\/strong>: 011.155182.0666<strong> (no pasamos presupuestos por sms)<\/strong><\/li>\n<\/ul>\n<h2>Concepto de Rack<\/h2>\n<div class=\"entry\">\n<p>Un <strong><em>rack<\/em><\/strong> es un bastidor destinado a alojar equipamiento electr\u00f3nico, inform\u00e1tico y de comunicaciones. Sus medidas est\u00e1n normalizadas para que sea compatible con equipamiento de cualquier fabricante.<\/p>\n<p><img loading=\"lazy\" decoding=\"async\" class=\"alignnone\" src=\"http:\/\/www.estuchesrigidoscv.com.ar\/rack\/rack_10u_3.jpg\" alt=\"Rack 12U\" width=\"550\" height=\"598\" \/><\/p>\n<p><strong>Descripci\u00f3n<\/strong><br \/>\nLos racks son un simple armaz\u00f3n met\u00e1lico con un ancho <em>normalizado de 19 pulgadas<\/em>. El armaz\u00f3n cuenta con gu\u00edas horizontales donde puede apoyarse el equipamiento, as\u00ed como puntos de anclaje para los <strong>tornillos<\/strong> que fijan dicho equipamiento al armaz\u00f3n. En este sentido, un rack es muy parecido a una simple estanter\u00eda.<\/p>\n<p>La distancia entre cada gu\u00eda horizontal o \u201cestante\u201d tambi\u00e9n est\u00e1 normalizada y se denomina altura o simplemente por la letra <strong>U.<\/strong> Todos los equipos deben adaptar su altura a un m\u00faltiplo de dicha unidad. Por ejemplo, un equipo 2U ocupar\u00e1 dos estantes de altura. Los bastidores se fabrican en diferentes alturas, el est\u00e1ndar es de 42U.<\/p>\n<p><img loading=\"lazy\" decoding=\"async\" class=\"alignnone\" src=\"http:\/\/www.estuchesrigidoscv.com.ar\/rack\/rack_12u_3.jpg\" alt=\"Rack 12U Argentina\" width=\"500\" height=\"404\" \/><\/p>\n<p><strong>Para qu\u00e9 sirven<\/strong><br \/>\nLos racks son muy \u00fatiles en un centro de proceso de datos, donde el espacio es escaso y se necesita alojar un gr\u00e1n n\u00famero de dispositivos. Estos dispositivos suelen ser:<\/p>\n<p>Mixer, Potencias de sonido, Mezcladoras, Servidores cuya carcasa ha sido dise\u00f1ada para adaptarse al bastidor. Existen servidores de 1U, 2U y 4U.<br \/>\nSistemas de audio<br \/>\nEtc.<br \/>\nEl equipamiento simplemente se desliza sobre un ra\u00edl horizontal y se fija con tornillos. Tambi\u00e9n existen bandejas que permiten apoyar equipamiento no normalizado. Por ejemplo, un monitor y un teclado.<\/p>\n<p><a href=\"http:\/\/www.rigidoscv.com.ar\/wp-content\/uploads\/2015\/04\/rack_10U.jpg\" target=\"_blank\" rel=\"noopener\"><img loading=\"lazy\" decoding=\"async\" class=\"alignnone wp-image-242 size-thumbnail\" title=\"rack 10u rcv flightcase argentina\" src=\"http:\/\/www.rigidoscv.com.ar\/wp-content\/uploads\/2015\/04\/rack_10U-150x150.jpg\" alt=\"rack_10U\" width=\"150\" height=\"150\" \/><\/a> <a href=\"http:\/\/www.rigidoscv.com.ar\/wp-content\/uploads\/2015\/04\/racks_pennelcom_adamhall_rcv1.jpg\" target=\"_blank\" rel=\"noopener\"><img loading=\"lazy\" decoding=\"async\" class=\"alignnone wp-image-243 size-thumbnail\" title=\"Rack RCV\" src=\"http:\/\/www.rigidoscv.com.ar\/wp-content\/uploads\/2015\/04\/racks_pennelcom_adamhall_rcv1-150x150.jpg\" alt=\"racks_pennelcom_adamhall_rcv\" width=\"150\" height=\"150\" \/><\/a> <a href=\"http:\/\/www.rigidoscv.com.ar\/wp-content\/uploads\/2015\/04\/rcv_tv_publica_digital_2.jpg\" target=\"_blank\" rel=\"noopener\"><img loading=\"lazy\" decoding=\"async\" class=\"alignnone wp-image-244 size-thumbnail\" title=\"Rack 4u pro\" src=\"http:\/\/www.rigidoscv.com.ar\/wp-content\/uploads\/2015\/04\/rcv_tv_publica_digital_2-150x150.jpg\" alt=\"rcv_tv_publica_digital_2\" width=\"150\" height=\"150\" \/><\/a> <a href=\"http:\/\/www.rigidoscv.com.ar\/wp-content\/uploads\/2015\/04\/1492140_10202313034321557_425394276_o.jpg\" target=\"_blank\" rel=\"noopener\"><img loading=\"lazy\" decoding=\"async\" class=\"alignnone wp-image-241 size-thumbnail\" title=\"Rack Paraguay\" src=\"http:\/\/www.rigidoscv.com.ar\/wp-content\/uploads\/2015\/04\/1492140_10202313034321557_425394276_o-150x150.jpg\" alt=\"1492140_10202313034321557_425394276_o\" width=\"150\" height=\"150\" \/><\/a><\/p>\n<p><strong>El est\u00e1ndar<\/strong><br \/>\nLas especificaciones de una rack est\u00e1ndar se encuentran bajo las normas equivalentes EIA 310-D, IEC 60297 y DIN 41494 SC48D.<\/p>\n<p>Las columnas verticales miden 15.875 mil\u00edmetros de ancho. Est\u00e1n separadas por 450.85 mil\u00edmetros haciendo un total de 482.6 mil\u00edmetros (exactamente 19 pulgadas). Cada columna tiene agujeros a intervalos regulares agrupados de tres en tres. Verticalmente, los racks se dividen en regiones de 1.75 pulgadas de altura. En cada regi\u00f3n hay tres pares de agujeros siguiendo un orden sim\u00e9trico. Esta regi\u00f3n es la que se denomina altura o <strong>\u201cU\u201d.<\/strong><\/p>\n<p>La profundidad del bastidor no est\u00e1 normalizada, ya que as\u00ed se otorga cierta flexibilidad al equipamiento. No obstante, suele ser de 800 mil\u00edmetros.<\/p>\n<p><img loading=\"lazy\" decoding=\"async\" class=\"alignnone\" src=\"http:\/\/www.estuchesrigidoscv.com.ar\/2008\/beijing\/rack_video_7.jpg\" alt=\"Rack 40U\" width=\"450\" height=\"646\" \/><\/p>\n<p><strong>Dise\u00f1os<br \/>\n<\/strong>La construcci\u00f3n y dise\u00f1o de un rack est\u00e1 limitada principalmente por el peso que debe soportar. Adem\u00e1s, se suelen situar sobre falsos suelos, que tambi\u00e9n tienen limitaci\u00f3n en el peso que pueden soportar. Generalmente se fabrican en acero o en aluminio.<\/p>\n<p><em><strong>\u00a0Nota:<\/strong>\u00a0Al fabricar a medida, las mismas deben ser enviadas por el cliente, certificando que sean las correctas, ya que a veces las medidas que figuran en manuales no coinciden con las reales. Teniendo en cuenta siempre sus lados mas largos (alto x ancho x profundidad)<\/em><\/p>\n<p>Buenos Aires, 2005<\/p>\n<\/div>\n<ul>\n<li><strong><img loading=\"lazy\" decoding=\"async\" class=\"alignnone\" src=\"http:\/\/www.rigidoscv.com.ar\/wp-content\/uploads\/2006\/10\/facebook-logo.png\" alt=\"\" width=\"45\" height=\"45\" \/> Facebook<\/strong>: <a title=\"RCV en Facebook\" href=\"http:\/\/www.facebook.com\/rigidoscv\" target=\"_blank\" rel=\"noopener\">rigidoscv<\/a><\/li>\n<li><img loading=\"lazy\" decoding=\"async\" class=\"alignnone\" src=\"http:\/\/www.rigidoscv.com.ar\/wp-content\/uploads\/2006\/10\/Twitter-logo.png\" alt=\"\" width=\"45\" height=\"45\" \/> <strong>Twitter<\/strong>: <a title=\"Twitter RCV\" href=\"http:\/\/twitter.com\/@rigidoscv\" target=\"_blank\" rel=\"noopener\">@rigidoscv<\/a><\/li>\n<li><img loading=\"lazy\" decoding=\"async\" class=\"alignnone\" src=\"https:\/\/www.drupal.org\/files\/icon-instagram.png\" alt=\"\" width=\"36\" height=\"37\" \/> <strong>Instagram<\/strong>: <a title=\"Instagram RCV\" href=\"http:\/\/instagram.com\/rigidoscv\" target=\"_blank\" rel=\"noopener\">#rigidoscv<\/a><\/li>\n<\/ul>\n<\/div>\n<\/div>\n","protected":false},"excerpt":{"rendered":"<p>(por favor solicitar presupuesto via mail*) \u00a0Correo\u00a0electr\u00f3nico*:\u00a0rigidos@gmail.com Cel: 011.155182.0666 (no pasamos presupuestos por sms) Concepto de Rack Un rack es un bastidor destinado a alojar equipamiento electr\u00f3nico, inform\u00e1tico y de comunicaciones. Sus medidas est\u00e1n normalizadas para que sea compatible con&hellip; <a href=\"https:\/\/rigidoscv.com.ar\/?page_id=240\" class=\"more-link\">Continue Reading <span class=\"meta-nav\">&rarr;<\/span><\/a><\/p>\n","protected":false},"author":1,"featured_media":0,"parent":0,"menu_order":0,"comment_status":"open","ping_status":"open","template":"","meta":{"footnotes":""},"class_list":["post-240","page","type-page","status-publish","hentry"],"_links":{"self":[{"href":"https:\/\/rigidoscv.com.ar\/index.php?rest_route=\/wp\/v2\/pages\/240","targetHints":{"allow":["GET"]}}],"collection":[{"href":"https:\/\/rigidoscv.com.ar\/index.php?rest_route=\/wp\/v2\/pages"}],"about":[{"href":"https:\/\/rigidoscv.com.ar\/index.php?rest_route=\/wp\/v2\/types\/page"}],"author":[{"embeddable":true,"href":"https:\/\/rigidoscv.com.ar\/index.php?rest_route=\/wp\/v2\/users\/1"}],"replies":[{"embeddable":true,"href":"https:\/\/rigidoscv.com.ar\/index.php?rest_route=%2Fwp%2Fv2%2Fcomments&post=240"}],"version-history":[{"count":8,"href":"https:\/\/rigidoscv.com.ar\/index.php?rest_route=\/wp\/v2\/pages\/240\/revisions"}],"predecessor-version":[{"id":932,"href":"https:\/\/rigidoscv.com.ar\/index.php?rest_route=\/wp\/v2\/pages\/240\/revisions\/932"}],"wp:attachment":[{"href":"https:\/\/rigidoscv.com.ar\/index.php?rest_route=%2Fwp%2Fv2%2Fmedia&parent=240"}],"curies":[{"name":"wp","href":"https:\/\/api.w.org\/{rel}","templated":true}]}}